{"id":11334,"date":"2019-05-21T16:21:26","date_gmt":"2019-05-21T21:21:26","guid":{"rendered":"https:\/\/coltrigal.edu.co\/web\/?page_id=11334"},"modified":"2019-05-21T17:02:18","modified_gmt":"2019-05-21T22:02:18","slug":"nuestro-colegio","status":"publish","type":"page","link":"https:\/\/coltrigal.edu.co\/web\/nuestro-colegio\/","title":{"rendered":"Nuestra Instituci\u00f3n"},"content":{"rendered":"<div class=\"wpb-content-wrapper\"><p>[vc_row][vc_column]<div class=\"thim-widget-heading template-base\"><div class=\"sc_heading  text-center\"><h3 class=\"title\">Informaci\u00f3n <strong>Institucional<\/strong><\/h3><\/div><\/div>[\/vc_column][\/vc_row][vc_row][vc_column width=\u00bb1\/2&#8243;][vc_column_text]<\/p>\n<h3 class=\"thim-text-title\">Misi\u00f3n<\/h3>\n<p>La Corporaci\u00f3n Trigal del Norte es una Instituci\u00f3n que presta servicio educativo en los diferentes ciclos, niveles de la educaci\u00f3n formal y al programa gubernamental de primera infancia. Desde esta perspectiva, pretende iniciar desde sus primeros niveles a formar hombres y mujeres en el respeto a los derechos humanos, que participen activamente en su sociedad, con una conciencia cr\u00edtica, solidaria y respetuosa de la diferencia y de la diversidad existente en el pa\u00eds y en el mundo, que se sientan comprometidos con la protecci\u00f3n y cuidado del medio ambiente. [\/vc_column_text][\/vc_column][vc_column width=\u00bb1\/2&#8243;][vc_column_text]<\/p>\n<h3 class=\"thim-text-title\">Visi\u00f3n<\/h3>\n<p>La Corporaci\u00f3n Trigal del Norte, avanzar\u00e1 permanentemente hacia la consolidaci\u00f3n de una instituci\u00f3n certificada, que garantice la prestaci\u00f3n de un servicio de calidad, que mantenga un desempe\u00f1o Institucional, garantizando la sostenibilidad y cumplimiento de los diferentes objetivos corporativos para beneficio y fortalecimiento de sus grupos de inter\u00e9s.[\/vc_column_text][\/vc_column][\/vc_row][vc_row][vc_column][vc_column_text]<\/p>\n<h3 class=\"thim-text-title\">Filosof\u00eda de la Instituci\u00f3n<\/h3>\n<p><span data-contrast=\"auto\">La comunidad educativa de la Corporaci\u00f3n Trigal del Norte se rige por los principios de la educaci\u00f3n colombiana consagrados en la Constituci\u00f3n Pol\u00edtica y la Ley General de Educaci\u00f3n, los cuales indican que la educaci\u00f3n debe cumplir una funci\u00f3n social que conduzca la formaci\u00f3n integral de la persona para que desarrolle la capacidad de proyectar su futuro y su identidad social y cultural acorde con las necesidades e intereses de las personas, de la familia y de la sociedad; y cuya finalidad est\u00e1 expresada en el art\u00edculo 5\u00ba de la Ley 115 de 1994, de conformidad con el art\u00edculo 67 de la Constituci\u00f3n Pol\u00edtica.\u00a0<\/span><span data-ccp-props=\"{&quot;201341983&quot;:0,&quot;335551550&quot;:6,&quot;335551620&quot;:6,&quot;335559739&quot;:0,&quot;335559740&quot;:240}\">\u00a0<\/span><\/p>\n<p><span data-ccp-props=\"{&quot;201341983&quot;:0,&quot;335551550&quot;:6,&quot;335551620&quot;:6,&quot;335559739&quot;:0,&quot;335559740&quot;:240}\">\u00a0<\/span><\/p>\n<p><span data-contrast=\"auto\">Nuestra acci\u00f3n educativa est\u00e1 encaminada a ofrecer una educaci\u00f3n de calidad que busque la formaci\u00f3n integral desde los primeros a\u00f1os del infante, siguiendo su desarrollo, para contribuir a la construcci\u00f3n de una sociedad democr\u00e1tica a partir del reconocimiento de la capacidad de autogesti\u00f3n de la comunidad educativa.<\/span><span data-ccp-props=\"{&quot;201341983&quot;:0,&quot;335551550&quot;:6,&quot;335551620&quot;:6,&quot;335559739&quot;:0,&quot;335559740&quot;:240}\">\u00a0<\/span><\/p>\n<p><span data-ccp-props=\"{&quot;201341983&quot;:0,&quot;335551550&quot;:6,&quot;335551620&quot;:6,&quot;335559739&quot;:0,&quot;335559740&quot;:240}\">\u00a0<\/span><\/p>\n<p><span data-contrast=\"auto\">La instituci\u00f3n educativa promover\u00e1 el perfeccionamiento de la persona humana, el conocimiento y la reafirmaci\u00f3n de los valores nacionales, la formaci\u00f3n para crear una conciencia educativa para el esfuerzo y el trabajo, la orientaci\u00f3n escolar, para lograr un desempe\u00f1o competente en el mundo y el aprovechamiento de los recursos naturales y la participaci\u00f3n ciudadana y comunitaria.<\/span><span data-ccp-props=\"{&quot;201341983&quot;:0,&quot;335551550&quot;:6,&quot;335551620&quot;:6,&quot;335559739&quot;:0,&quot;335559740&quot;:240}\">\u00a0<\/span><\/p>\n<p><span data-contrast=\"auto\">Motivamos en el estudiante la gesti\u00f3n de su propio desarrollo en todas sus dimensiones: corporal, cognitiva, comunicativa, est\u00e9tica, espiritual y valorativa del desarrollo integral humano.<\/span><span data-ccp-props=\"{&quot;201341983&quot;:0,&quot;335551550&quot;:6,&quot;335551620&quot;:6,&quot;335559739&quot;:0,&quot;335559740&quot;:240}\">\u00a0<\/span><\/p>\n<p><span data-ccp-props=\"{&quot;201341983&quot;:0,&quot;335551550&quot;:6,&quot;335551620&quot;:6,&quot;335559739&quot;:0,&quot;335559740&quot;:240}\">\u00a0<\/span><\/p>\n<p><span data-contrast=\"auto\">Se incentivar\u00e1 la consecuci\u00f3n de los factores que favorecen el pleno desarrollo de la personalidad del estudiante o educando, como la capacidad para la toma de decisiones, el trabajo en equipo, el uso creativo del tiempo libre, el manejo de problemas y conflictos y la asunci\u00f3n de responsabilidades.<\/span><span data-ccp-props=\"{&quot;201341983&quot;:0,&quot;335551550&quot;:6,&quot;335551620&quot;:6,&quot;335559739&quot;:0,&quot;335559740&quot;:240}\">\u00a0<\/span><\/p>\n<p><span data-contrast=\"auto\">La Corporaci\u00f3n Trigal del Norte ejerce una misi\u00f3n educativa dentro de la b\u00fasqueda del pleno desarrollo humano en todas sus dimensiones y factores que lo favorecen con el prop\u00f3sito de formar ciudadanos competentes con capacidad de participaci\u00f3n en la vida econ\u00f3mica, social, cultural, pol\u00edtica\u00a0<\/span><span data-contrast=\"auto\">y comunitaria<\/span><span data-contrast=\"auto\">\u00a0que lleve a la transformaci\u00f3n del pa\u00eds.\u00a0<\/span><span data-ccp-props=\"{&quot;201341983&quot;:0,&quot;335551550&quot;:6,&quot;335551620&quot;:6,&quot;335559739&quot;:0,&quot;335559740&quot;:240}\">\u00a0<\/span>[\/vc_column_text][\/vc_column][\/vc_row][vc_row][vc_column][vc_separator][\/vc_column][\/vc_row][vc_row][vc_column][vc_column_text]<\/p>\n<h3 class=\"thim-text-title\">S\u00edmbolos Institucionales<\/h3>\n<p>[\/vc_column_text][\/vc_column][\/vc_row][vc_row][vc_column width=\u00bb1\/3&#8243;][vc_column_text]<\/p>\n<h3 style=\"text-align: center;\">Bandera<\/h3>\n<p>[\/vc_column_text]<div class=\"thim-widget-single-images template-single-images\">\n<div class=\"single-image text-left\"><img loading=\"lazy\" decoding=\"async\" src=\"https:\/\/coltrigal.edu.co\/web\/wp-content\/uploads\/2019\/05\/Captura-de-Pantalla-2019-05-21-a-las-2.43.35-p.-m.-300x300.png\" alt=\"Captura de Pantalla 2019-05-21 a la(s) 2.43.35 p. m.\" title=\"Captura de Pantalla 2019-05-21 a la(s) 2.43.35 p. m.\"  width=\"300\" height=\"300\"><\/div><\/div>[\/vc_column][vc_column width=\u00bb1\/3&#8243;][\/vc_column][vc_column width=\u00bb1\/3&#8243;][vc_column_text]<\/p>\n<h3 style=\"text-align: center;\">Escudo<\/h3>\n<p>[\/vc_column_text]<div class=\"thim-widget-single-images template-single-images\">\n<div class=\"single-image text-left\"><img loading=\"lazy\" decoding=\"async\" src=\"https:\/\/coltrigal.edu.co\/web\/wp-content\/uploads\/2019\/03\/escudo_web.png\" alt=\"escudo_web\" title=\"escudo_web\"  width=\"120\" height=\"120\"><\/div><\/div>[\/vc_column][\/vc_row][vc_row full_width=\u00bbstretch_row_content_no_spaces\u00bb css=\u00bb.vc_custom_1558475836363{background-color: #ddc290 !important;}\u00bb][vc_column]<div class=\"thim-widget-heading template-base\"><div class=\"sc_heading  text-center\"><h3 class=\"title\">HIMNO<\/h3><span class=\"line\"><\/span><\/div><\/div>[\/vc_column][vc_column width=\u00bb1\/3&#8243;]<div class=\"thim-widget-heading template-base\"><div class=\"sc_heading  text-center\"><h3 class=\"title\">CORO<\/h3><span class=\"line\"><\/span><\/div><\/div>[vc_column_text]<\/p>\n<p style=\"text-align: center;\">El man\u00e1 dio sus frutos sinceros<br \/>\nDel trabajo arduo y social<br \/>\nEn el Norte est\u00e1 proyectado<br \/>\nEl futuro del barrio el Trigal<\/p>\n<p>[\/vc_column_text]<div class=\"thim-widget-heading template-base\"><div class=\"sc_heading  text-center\"><h3 class=\"title\">III<\/h3><span class=\"line\"><\/span><\/div><\/div>[vc_column_text]<\/p>\n<p style=\"text-align: center;\">Cada d\u00eda todos trabajamos<br \/>\nPor el bien de la sociedad<br \/>\nSembrando ciencia y cultura<br \/>\nPara construir la equidad<\/p>\n<p>[\/vc_column_text][\/vc_column][vc_column width=\u00bb1\/3&#8243;]<div class=\"thim-widget-heading template-base\"><div class=\"sc_heading  text-center\"><h3 class=\"title\">I<\/h3><span class=\"line\"><\/span><\/div><\/div>[vc_column_text]<\/p>\n<p style=\"text-align: center;\">Homenaje y esmero rendimos<br \/>\nAl Colegio promotor de paz<br \/>\n\u00abExcelencia respeto y libertad\u00bb<br \/>\nSer\u00e1 nuestro lema ideal<\/p>\n<p>[\/vc_column_text]<div class=\"thim-widget-heading template-base\"><div class=\"sc_heading  text-center\"><h3 class=\"title\">IV<\/h3><span class=\"line\"><\/span><\/div><\/div>[vc_column_text]<\/p>\n<p style=\"text-align: center;\">Victoriosos caminos de vida<br \/>\nFortalecen el mundo fugaz<br \/>\nExpresando alegr\u00eda divina<br \/>\nPara hallar la anhelada verdad.<\/p>\n<p>[\/vc_column_text][\/vc_column][vc_column width=\u00bb1\/3&#8243;]<div class=\"thim-widget-heading template-base\"><div class=\"sc_heading  text-center\"><h3 class=\"title\">II<\/h3><span class=\"line\"><\/span><\/div><\/div>[vc_column_text]<\/p>\n<p style=\"text-align: center;\">Destellos de luz se construyen<br \/>\nAl nacer el sue\u00f1o inmortal<br \/>\nCon pasi\u00f3n dedicada al estudio<br \/>\nForjaremos el sendero triunfal<\/p>\n<p>[\/vc_column_text][\/vc_column][\/vc_row]<\/p>\n<\/div>","protected":false},"excerpt":{"rendered":"<p>[vc_row][vc_column][\/vc_column][\/vc_row][vc_row][vc_column width=\u00bb1\/2&#8243;][vc_column_text] Misi\u00f3n La Corporaci\u00f3n Trigal del Norte es una Instituci\u00f3n que presta servicio educativo en los diferentes ciclos, niveles de la educaci\u00f3n formal y al programa gubernamental de primera infancia. Desde esta perspectiva, pretende iniciar desde sus primeros niveles &hellip; <\/p>\n","protected":false},"author":1,"featured_media":0,"parent":0,"menu_order":0,"comment_status":"closed","ping_status":"closed","template":"","meta":{"footnotes":""},"class_list":["post-11334","page","type-page","status-publish","hentry"],"_links":{"self":[{"href":"https:\/\/coltrigal.edu.co\/web\/wp-json\/wp\/v2\/pages\/11334","targetHints":{"allow":["GET"]}}],"collection":[{"href":"https:\/\/coltrigal.edu.co\/web\/wp-json\/wp\/v2\/pages"}],"about":[{"href":"https:\/\/coltrigal.edu.co\/web\/wp-json\/wp\/v2\/types\/page"}],"author":[{"embeddable":true,"href":"https:\/\/coltrigal.edu.co\/web\/wp-json\/wp\/v2\/users\/1"}],"replies":[{"embeddable":true,"href":"https:\/\/coltrigal.edu.co\/web\/wp-json\/wp\/v2\/comments?post=11334"}],"version-history":[{"count":0,"href":"https:\/\/coltrigal.edu.co\/web\/wp-json\/wp\/v2\/pages\/11334\/revisions"}],"wp:attachment":[{"href":"https:\/\/coltrigal.edu.co\/web\/wp-json\/wp\/v2\/media?parent=11334"}],"curies":[{"name":"wp","href":"https:\/\/api.w.org\/{rel}","templated":true}]}}